{"id":13,"date":"2024-02-26T18:10:48","date_gmt":"2024-02-26T21:10:48","guid":{"rendered":"https:\/\/arqvagasbrasil.com\/?page_id=13"},"modified":"2025-08-01T16:33:02","modified_gmt":"2025-08-01T19:33:02","slug":"mentoria","status":"publish","type":"page","link":"https:\/\/arqvagasbrasil.com\/index.php\/mentoria\/","title":{"rendered":"Mentoria"},"content":{"rendered":"\t\t<div data-elementor-type=\"wp-page\" data-elementor-id=\"13\" class=\"elementor elementor-13\" data-elementor-settings=\"{&quot;ha_cmc_init_switcher&quot;:&quot;no&quot;}\">\n\t\t\t\t<div class=\"elementor-element elementor-element-455520bb e-flex e-con-boxed e-con e-parent\" data-id=\"455520bb\" data-element_type=\"container\" data-settings=\"{&quot;_ha_eqh_enable&quot;:false}\">\n\t\t\t\t\t<div class=\"e-con-inner\">\n\t\t<div class=\"elementor-element elementor-element-1361d44 e-con-full e-flex e-con e-child\" data-id=\"1361d44\" data-element_type=\"container\" data-settings=\"{&quot;_ha_eqh_enable&quot;:false}\">\n\t\t\t\t<div class=\"elementor-element elementor-element-e62d1c1 elementor-widget elementor-widget-heading\" data-id=\"e62d1c1\" data-element_type=\"widget\" data-widget_type=\"heading.default\">\n\t\t\t\t<div class=\"elementor-widget-container\">\n\t\t\t\t\t<h2 class=\"elementor-heading-title elementor-size-default\">Mentoria AVB<\/h2>\t\t\t\t<\/div>\n\t\t\t\t<\/div>\n\t\t\t\t<div class=\"elementor-element elementor-element-584f814 ha-has-bg-overlay elementor-widget elementor-widget-icon-box\" data-id=\"584f814\" data-element_type=\"widget\" data-widget_type=\"icon-box.default\">\n\t\t\t\t<div class=\"elementor-widget-container\">\n\t\t\t\t\t\t\t<div class=\"elementor-icon-box-wrapper\">\n\n\t\t\t\n\t\t\t\t\t\t<div class=\"elementor-icon-box-content\">\n\n\t\t\t\t\t\t\t\t\t<h3 class=\"elementor-icon-box-title\">\n\t\t\t\t\t\t<span  >\n\t\t\t\t\t\t\tSobre a mentoria\t\t\t\t\t\t<\/span>\n\t\t\t\t\t<\/h3>\n\t\t\t\t\n\t\t\t\t\t\t\t\t\t<p class=\"elementor-icon-box-description\">\n\t\t\t\t\t\tA mentoria foi criada para estudantes e formados da \u00e1rea da arquitetura e engenharia civil que querem um direcionamento para conseguir uma oportunidade na \u00e1rea de arquitetura e engenharia civil. Te ajudamos a identificar seu perfil de vaga, te preparamos para concorrer as vagas de forma direta e objetiva. Minha meta com essa mentoria \u00e9 poder te ajudar especificamente  em conseguir uma oportunidade de trabalho no tipo de vaga que voc\u00ea deseja. A mentoria \u00e9 individual.\t\t\t\t\t<\/p>\n\t\t\t\t\n\t\t\t<\/div>\n\t\t\t\n\t\t<\/div>\n\t\t\t\t\t\t<\/div>\n\t\t\t\t<\/div>\n\t\t\t\t<div class=\"elementor-element elementor-element-9743402 ha-has-bg-overlay elementor-widget elementor-widget-icon-box\" data-id=\"9743402\" data-element_type=\"widget\" data-widget_type=\"icon-box.default\">\n\t\t\t\t<div class=\"elementor-widget-container\">\n\t\t\t\t\t\t\t<div class=\"elementor-icon-box-wrapper\">\n\n\t\t\t\n\t\t\t\t\t\t<div class=\"elementor-icon-box-content\">\n\n\t\t\t\t\t\t\t\t\t<h3 class=\"elementor-icon-box-title\">\n\t\t\t\t\t\t<span  >\n\t\t\t\t\t\t\tDurante a mentoria\t\t\t\t\t\t<\/span>\n\t\t\t\t\t<\/h3>\n\t\t\t\t\n\t\t\t\t\t\t\t\t\t<p class=\"elementor-icon-box-description\">\n\t\t\t\t\t\tA mentoria ser\u00e3o sess\u00f5es por v\u00eddeo chamadas, por meio de aplicativos (meet, zoom ou outro app compat\u00edvel com seu computador, notebook ou smartphone). Cada sess\u00e3o ter\u00e1 a dura\u00e7\u00e3o de 1 hora. Nelas, mostraremos modelos de curr\u00edculos e portfolio para o perfil que voc\u00ea almeja e ajudaremos tamb\u00e9m a montar o seu curr\u00edculo e portfolio. Sendo totalmente personalizada para a necessidade e objetivo de cada mentorando\t\t\t\t\t<\/p>\n\t\t\t\t\n\t\t\t<\/div>\n\t\t\t\n\t\t<\/div>\n\t\t\t\t\t\t<\/div>\n\t\t\t\t<\/div>\n\t\t\t\t<div class=\"elementor-element elementor-element-db81491 ha-has-bg-overlay elementor-widget elementor-widget-icon-box\" data-id=\"db81491\" data-element_type=\"widget\" data-widget_type=\"icon-box.default\">\n\t\t\t\t<div class=\"elementor-widget-container\">\n\t\t\t\t\t\t\t<div class=\"elementor-icon-box-wrapper\">\n\n\t\t\t\n\t\t\t\t\t\t<div class=\"elementor-icon-box-content\">\n\n\t\t\t\t\t\t\t\t\t<h3 class=\"elementor-icon-box-title\">\n\t\t\t\t\t\t<span  >\n\t\t\t\t\t\t\tAp\u00f3s a mentoria\t\t\t\t\t\t<\/span>\n\t\t\t\t\t<\/h3>\n\t\t\t\t\n\t\t\t\t\t\t\t\t\t<p class=\"elementor-icon-box-description\">\n\t\t\t\t\t\tA mentoria tem como foco principal, que voc\u00ea conseguir sua oportunidade de trabalho. Por isso, ap\u00f3s a mentoria, mesmo que voc\u00ea ainda n\u00e3o tenha conseguido a sua oportunidade, ser\u00e1 disponibilizado para voc\u00ea suporte via whats app.\t\t\t\t\t<\/p>\n\t\t\t\t\n\t\t\t<\/div>\n\t\t\t\n\t\t<\/div>\n\t\t\t\t\t\t<\/div>\n\t\t\t\t<\/div>\n\t\t\t\t<\/div>\n\t\t\t\t<div class=\"elementor-element elementor-element-18ee47f elementor-widget elementor-widget-heading\" data-id=\"18ee47f\" data-element_type=\"widget\" data-widget_type=\"heading.default\">\n\t\t\t\t<div class=\"elementor-widget-container\">\n\t\t\t\t\t<h2 class=\"elementor-heading-title elementor-size-default\">Pre\u00e7os dos planos<\/h2>\t\t\t\t<\/div>\n\t\t\t\t<\/div>\n\t\t\t\t<div class=\"elementor-element elementor-element-1dd21e2f elementor-widget elementor-widget-text-editor\" data-id=\"1dd21e2f\" data-element_type=\"widget\" data-widget_type=\"text-editor.default\">\n\t\t\t\t<div class=\"elementor-widget-container\">\n\t\t\t\t\t\t\t\t\t\n<div class=\"wp-block-group alignfull has-text-color has-background is-layout-flow wp-block-group-is-layout-flow\" style=\"color: #000000; background-color: #ffffff;\"><\/div>\n<p>\u00a0<\/p>\n<div class=\"wp-block-group alignfull\" style=\"margin-top: 0px; margin-bottom: 0px; padding-top: var(--wp--preset--spacing--xx-large); padding-bottom: var(--wp--preset--spacing--xx-large);\">\n<div class=\"wp-block-group alignwide is-layout-flow wp-block-group-is-layout-flow\">\n<div class=\"wp-block-columns are-vertically-aligned-top is-layout-flex wp-container-core-columns-is-layout-f619a8c7 wp-block-columns-is-layout-flex\">\n<div class=\"wp-block-column is-vertically-aligned-top is-layout-flow wp-block-column-is-layout-flow\">\n<div class=\"wp-block-group has-border-color has-quaternary-border-color has-global-padding is-layout-constrained wp-container-core-group-is-layout-5fbedae1 wp-block-group-is-layout-constrained\" style=\"border-width: 1px; border-radius: 10px; padding: var(--wp--preset--spacing--large);\">\n<h2 class=\"wp-block-heading has-text-align-center has-medium-font-size\" style=\"margin: 0px;\">Pacote 1 (Curr\u00edculo)<\/h2>\n\n<div class=\"wp-block-group is-content-justification-center is-nowrap is-layout-flex wp-container-core-group-is-layout-825f615b wp-block-group-is-layout-flex\">\n<h6 class=\"wp-block-heading has-text-align-center has-xx-large-font-size\">R$ 75<\/h6>\n<\/div>\n\n<p class=\"has-text-align-center\">3 Sess\u00f5es + 1 B\u00f4nus<\/p>\n<hr class=\"wp-block-separator has-text-color has-quaternary-color has-alpha-channel-opacity has-quaternary-background-color has-background is-style-wide-thin-line\" \/>\n<div class=\"wp-block-group has-global-padding is-layout-constrained wp-block-group-is-layout-constrained\">\n<p class=\"has-text-align-center\">Analise e reestrutura\u00e7\u00e3o do curriculo<\/p>\n<hr class=\"wp-block-separator has-alpha-channel-opacity is-style-dotted\" \/>\n<p class=\"has-text-align-center\">Carta de apresenta\u00e7\u00e3o<\/p>\n<hr class=\"wp-block-separator has-alpha-channel-opacity is-style-dotted\" \/>\n<p class=\"has-text-align-center\">Dicas para entrevista de emprego<\/p>\n<hr class=\"wp-block-separator has-alpha-channel-opacity is-style-dotted\" \/>\n<p class=\"has-text-align-center\">Simula\u00e7\u00e3o de entrevista<\/p>\n<hr class=\"wp-block-separator has-alpha-channel-opacity is-style-dotted\" \/>\n<p class=\"has-text-align-center\">Como se candidatar as vagas da gupy<\/p>\n<hr class=\"wp-block-separator has-alpha-channel-opacity is-style-dotted\" \/><\/div>\n\n<p class=\"has-text-align-center\">Analises de vagas de acordo com a sua cidade e perfil<\/p>\n<hr class=\"wp-block-separator has-alpha-channel-opacity is-style-dotted\" \/>\n<p><strong>Pacote ideal para quem esta buscando vagas em construtoras\/incorporadoras e\/ou escrit\u00f3rios.<\/strong><\/p>\n\n<div class=\"wp-block-buttons is-content-justification-center is-layout-flex wp-container-core-buttons-is-layout-d43f9c5f wp-block-buttons-is-layout-flex\" style=\"margin-top: var(--wp--preset--spacing--large);\">\n<div class=\"wp-block-button\"><a class=\"wp-block-button__link wp-element-button\" href=\"https:\/\/mpago.li\/1jvwY9d\" target=\"_blank\" rel=\"noreferrer noopener\">Inscri\u00e7\u00e3o<\/a><\/div>\n<\/div>\n<\/div>\n<\/div>\n\n<div class=\"wp-block-column is-vertically-aligned-top is-layout-flow wp-block-column-is-layout-flow\">\n<div class=\"wp-block-group has-border-color has-quaternary-border-color has-global-padding is-layout-constrained wp-container-core-group-is-layout-5fbedae1 wp-block-group-is-layout-constrained\" style=\"border-width: 1px; border-radius: 10px; padding: var(--wp--preset--spacing--large);\">\n<h2 class=\"wp-block-heading has-text-align-center has-medium-font-size\" style=\"margin: 0px;\">Pacote 2 (Portf\u00f3lio)<\/h2>\n\n<div class=\"wp-block-group is-content-justification-center is-nowrap is-layout-flex wp-container-core-group-is-layout-825f615b wp-block-group-is-layout-flex\">\n<h6 class=\"wp-block-heading has-text-align-center has-xx-large-font-size\">R$ 165<\/h6>\n<\/div>\n\n<p class=\"has-text-align-center\"><strong>5 Sess\u00f5es + 1 B\u00f4nus<\/strong><\/p>\n<hr class=\"wp-block-separator has-text-color has-quaternary-color has-alpha-channel-opacity has-quaternary-background-color has-background is-style-wide-thin-line\" \/>\n<div class=\"wp-block-group has-global-padding is-layout-constrained wp-block-group-is-layout-constrained\">\n<p class=\"has-text-align-center\">Analise e reestrutura\u00e7\u00e3o do portf\u00f3lio<\/p>\n<hr class=\"wp-block-separator has-alpha-channel-opacity is-style-dotted\" \/>\n<p class=\"has-text-align-center\">Carta de apresenta\u00e7\u00e3o<\/p>\n<hr class=\"wp-block-separator has-alpha-channel-opacity is-style-dotted\" \/>\n<p class=\"has-text-align-center\">Dicas para entrevista de emprego<\/p>\n<hr class=\"wp-block-separator has-alpha-channel-opacity is-style-dotted\" \/>\n<p class=\"has-text-align-center\">Simula\u00e7\u00e3o de entrevista<\/p>\n<hr class=\"wp-block-separator has-alpha-channel-opacity is-style-dotted\" \/><\/div>\n\n<p class=\"has-text-align-center\">Simula\u00e7\u00e3o de teste (programas)<\/p>\n<hr class=\"wp-block-separator has-alpha-channel-opacity is-style-dotted\" \/>\n<p class=\"has-text-align-center\">Analise de vagas de acordo com a sua cidade e seu perfil<\/p>\n<hr class=\"wp-block-separator has-alpha-channel-opacity is-style-dotted\" \/>\n<p><strong>Pacote ideal para quem esta buscando vagas em escrit\u00f3rios.<\/strong><\/p>\n\n<div class=\"wp-block-buttons is-content-justification-center is-layout-flex wp-container-core-buttons-is-layout-d43f9c5f wp-block-buttons-is-layout-flex\" style=\"margin-top: var(--wp--preset--spacing--large);\">\n<div class=\"wp-block-button\"><a class=\"wp-block-button__link wp-element-button\" href=\"https:\/\/mpago.li\/2V4WQG6\" target=\"_blank\" rel=\"noreferrer noopener\">Inscri\u00e7\u00e3o<\/a><\/div>\n<\/div>\n<\/div>\n<\/div>\n\n<div class=\"wp-block-column is-vertically-aligned-top is-layout-flow wp-block-column-is-layout-flow\">\n<div class=\"wp-block-group has-border-color has-quaternary-border-color has-global-padding is-layout-constrained wp-container-core-group-is-layout-5fbedae1 wp-block-group-is-layout-constrained\" style=\"border-width: 1px; border-radius: 10px; padding: var(--wp--preset--spacing--large);\">\n<h2 class=\"wp-block-heading has-text-align-center has-medium-font-size\" style=\"margin: 0px;\">Pacote 3 (Curr\u00edculo+ Portf\u00f3lio+ Linkedin)<\/h2>\n\n<div class=\"wp-block-group is-content-justification-center is-nowrap is-layout-flex wp-container-core-group-is-layout-825f615b wp-block-group-is-layout-flex\">\n<h6 class=\"wp-block-heading has-text-align-center has-xx-large-font-size\">r$ 320<\/h6>\n<\/div>\n\n<p class=\"has-text-align-center\"><strong>8 Sess\u00f5es + 1 B\u00f4nus<\/strong><\/p>\n<hr class=\"wp-block-separator has-text-color has-quaternary-color has-alpha-channel-opacity has-quaternary-background-color has-background is-style-wide-thin-line\" \/>\n<div class=\"wp-block-group has-global-padding is-layout-constrained wp-block-group-is-layout-constrained\">\n<p class=\"has-text-align-center\">Analise e reestrutura\u00e7\u00e3o do curriculo<\/p>\n<hr class=\"wp-block-separator has-alpha-channel-opacity is-style-dotted\" \/>\n<p class=\"has-text-align-center\">Analise e reestrutura\u00e7\u00e3o do portf\u00f3lio<\/p>\n<hr class=\"wp-block-separator has-alpha-channel-opacity is-style-dotted\" \/>\n<p class=\"has-text-align-center\">Carta de apresenta\u00e7\u00e3o<\/p>\n<hr class=\"wp-block-separator has-alpha-channel-opacity is-style-dotted\" \/>\n<p class=\"has-text-align-center\">Dicas para entrevista de emprego<\/p>\n<\/div>\n<hr class=\"wp-block-separator has-alpha-channel-opacity is-style-dotted\" \/>\n<p class=\"has-text-align-center\">Simula\u00e7\u00e3o de entrevista<\/p>\n<hr class=\"wp-block-separator has-alpha-channel-opacity is-style-dotted\" \/>\n<p class=\"has-text-align-center\">Como se candidatar as vagas da gupy<\/p>\n<hr class=\"wp-block-separator has-alpha-channel-opacity is-style-dotted\" \/>\n<p class=\"has-text-align-center\">Simula\u00e7\u00e3o de teste (programas)<\/p>\n<hr class=\"wp-block-separator has-alpha-channel-opacity is-style-dotted\" \/>\n<p class=\"has-text-align-center\">Analise de vagas de acordo com a sua cidade e seu perfil<\/p>\n<hr class=\"wp-block-separator has-alpha-channel-opacity is-style-dotted\" \/>\n<p class=\"has-text-align-center\">Locais estrat\u00e9gicos para encontrar vagas<\/p>\n<hr class=\"wp-block-separator has-alpha-channel-opacity is-style-dotted\" \/>\n<p class=\"has-text-align-center\">Como usar o linkedin para conseguir vagas<\/p>\n<hr class=\"wp-block-separator has-alpha-channel-opacity is-style-dotted\" \/>\n<p><strong>Pacote ideal para quem esta buscando vagas em construtoras\/incorporadoras e\/ou escrit\u00f3rios.<\/strong><\/p>\n\n<div class=\"wp-block-buttons is-content-justification-center is-layout-flex wp-container-core-buttons-is-layout-d43f9c5f wp-block-buttons-is-layout-flex\" style=\"margin-top: var(--wp--preset--spacing--large);\">\n<div class=\"wp-block-button\"><a class=\"wp-block-button__link wp-element-button\" href=\"https:\/\/mpago.la\/2rvM1tx\">Inscri\u00e7\u00e3o<\/a><\/div>\n<\/div>\n<\/div>\n<\/div>\n<\/div>\n\n<div class=\"wp-block-columns are-vertically-aligned-top is-layout-flex wp-container-core-columns-is-layout-f619a8c7 wp-block-columns-is-layout-flex\">\n<div class=\"wp-block-column is-vertically-aligned-top is-layout-flow wp-block-column-is-layout-flow\">\n<div class=\"wp-block-group has-border-color has-quaternary-border-color has-global-padding is-layout-constrained wp-container-core-group-is-layout-5fbedae1 wp-block-group-is-layout-constrained\" style=\"border-width: 1px; border-radius: 10px; padding: var(--wp--preset--spacing--large);\">\n<h2 class=\"wp-block-heading has-text-align-center has-medium-font-size\" style=\"margin: 0px;\">Pacote 4 (Linkedin)<\/h2>\n\n<div class=\"wp-block-group is-content-justification-center is-nowrap is-layout-flex wp-container-core-group-is-layout-825f615b wp-block-group-is-layout-flex\">\n<h6 class=\"wp-block-heading has-text-align-center has-xx-large-font-size\">R$ 100<\/h6>\n<\/div>\n\n<p class=\"has-text-align-center\"><strong>3 Sess\u00f5es <\/strong><\/p>\n<hr class=\"wp-block-separator has-text-color has-quaternary-color has-alpha-channel-opacity has-quaternary-background-color has-background is-style-wide-thin-line\" \/>\n<div class=\"wp-block-group has-global-padding is-layout-constrained wp-block-group-is-layout-constrained\">\n<p class=\"has-text-align-center\">Como usar o linkedin<\/p>\n<hr class=\"wp-block-separator has-alpha-channel-opacity is-style-dotted\" \/>\n<p class=\"has-text-align-center\">Reestruturando o linkedin<\/p>\n<hr class=\"wp-block-separator has-alpha-channel-opacity is-style-dotted\" \/>\n<p class=\"has-text-align-center\">Como utilizar as palavras chaves<\/p>\n<hr class=\"wp-block-separator has-alpha-channel-opacity is-style-dotted\" \/>\n<p class=\"has-text-align-center\">Como encontrar oportunidades<\/p>\n<hr class=\"wp-block-separator has-alpha-channel-opacity is-style-dotted\" \/>\n<p class=\"has-text-align-center\">Como ser encontrado pelo recrutador<\/p>\n<hr class=\"wp-block-separator has-alpha-channel-opacity is-style-dotted\" \/><\/div>\n\n<p><strong>Pacote ideal para quem esta buscando vagas em construtoras\/incorporadoras e\/ou escrit\u00f3rios.<\/strong><\/p>\n\n<div class=\"wp-block-buttons is-content-justification-center is-layout-flex wp-container-core-buttons-is-layout-d43f9c5f wp-block-buttons-is-layout-flex\" style=\"margin-top: var(--wp--preset--spacing--large);\">\n<div class=\"wp-block-button\"><a class=\"wp-block-button__link wp-element-button\" href=\"https:\/\/mpago.li\/2pQvXSw\" target=\"_blank\" rel=\"noreferrer noopener\">Inscri\u00e7\u00e3o<\/a><\/div>\n<\/div>\n<\/div>\n<\/div>\n\n<div class=\"wp-block-column is-vertically-aligned-top is-layout-flow wp-block-column-is-layout-flow\">\n<div class=\"wp-block-group has-border-color has-quaternary-border-color has-global-padding is-layout-constrained wp-container-core-group-is-layout-5fbedae1 wp-block-group-is-layout-constrained\" style=\"border-width: 1px; border-radius: 10px; padding: var(--wp--preset--spacing--large);\">\n<h2 class=\"wp-block-heading has-text-align-center has-medium-font-size\" style=\"margin: 0px;\">Pacote 5 (Analise)<\/h2>\n\n<div class=\"wp-block-group is-content-justification-center is-nowrap is-layout-flex wp-container-core-group-is-layout-825f615b wp-block-group-is-layout-flex\">\n<h6 class=\"wp-block-heading has-text-align-center has-xx-large-font-size\">R$ 35<\/h6>\n<\/div>\n\n<p class=\"has-text-align-center\"><strong>1 Sess\u00e3o <\/strong><\/p>\n<hr class=\"wp-block-separator has-text-color has-quaternary-color has-alpha-channel-opacity has-quaternary-background-color has-background is-style-wide-thin-line\" \/>\n<div class=\"wp-block-group has-global-padding is-layout-constrained wp-block-group-is-layout-constrained\">\n<p class=\"has-text-align-center\">Analise de curr\u00edculo<\/p>\n<hr class=\"wp-block-separator has-alpha-channel-opacity is-style-dotted\" \/>\n<p class=\"has-text-align-center\">Analise de portf\u00f3lio<\/p>\n<hr class=\"wp-block-separator has-alpha-channel-opacity is-style-dotted\" \/>\n<p class=\"has-text-align-center\">Analise de linkedin<\/p>\n<hr class=\"wp-block-separator has-alpha-channel-opacity is-style-dotted\" \/><\/div>\n\n<p><strong>Pacote ideal para quem esta buscando vagas em escrit\u00f3rios.<\/strong><\/p>\n\n<div class=\"wp-block-buttons is-content-justification-center is-layout-flex wp-container-core-buttons-is-layout-a89b3969 wp-block-buttons-is-layout-flex\">\n<div class=\"wp-block-button\"><a class=\"wp-block-button__link wp-element-button\" href=\"https:\/\/mpago.la\/1HWwwgM\" target=\"_blank\" rel=\"noreferrer noopener\">Inscri\u00e7\u00e3o<\/a><\/div>\n<\/div>\n<\/div>\n<\/div>\n\n<div class=\"wp-block-column is-vertically-aligned-top is-layout-flow wp-block-column-is-layout-flow\">\n<div class=\"wp-block-group has-border-color has-quaternary-border-color has-global-padding is-layout-constrained wp-container-core-group-is-layout-5fbedae1 wp-block-group-is-layout-constrained\" style=\"border-width: 1px; border-radius: 10px; padding: var(--wp--preset--spacing--large);\">\n<h2 class=\"wp-block-heading has-text-align-center has-medium-font-size\" style=\"margin: 0px;\">Pacote 6 (Personalizado)<\/h2>\n\n<div class=\"wp-block-group is-content-justification-center is-nowrap is-layout-flex wp-container-core-group-is-layout-825f615b wp-block-group-is-layout-flex\">\n<h6 class=\"wp-block-heading has-text-align-center has-xx-large-font-size\">$ a combinar<\/h6>\n<\/div>\n<hr class=\"wp-block-separator has-text-color has-quaternary-color has-alpha-channel-opacity has-quaternary-background-color has-background is-style-wide-thin-line\" \/>\n<div class=\"wp-block-group has-global-padding is-layout-constrained wp-block-group-is-layout-constrained\">\n<p class=\"has-text-align-center\">Personaliza temas dos outros pacotes<\/p>\n<hr class=\"wp-block-separator has-alpha-channel-opacity is-style-dotted\" \/>\n<p class=\"has-text-align-center\">Personalizar quantidade de sess\u00f5es<\/p>\n<hr class=\"wp-block-separator has-alpha-channel-opacity is-style-dotted\" \/><\/div>\n\n<p><strong>Pacote ideal para quem esta buscando vagas em construtoras\/incorporadoras e\/ou escrit\u00f3rios.<\/strong><\/p>\n\n<div class=\"wp-block-buttons is-content-justification-center is-layout-flex wp-container-core-buttons-is-layout-d43f9c5f wp-block-buttons-is-layout-flex\" style=\"margin-top: var(--wp--preset--spacing--large);\">\n<div class=\"wp-block-button\"><a class=\"wp-block-button__link wp-element-button\" href=\"https:\/\/api.whatsapp.com\/send?phone=5569984215423\">Entre em contato<\/a><\/div>\n<\/div>\n<\/div>\n<\/div>\n<\/div>\n<\/div>\n<\/div>\n\n<div class=\"wp-block-group alignfull has-tertiary-background-color has-background has-global-padding is-layout-constrained wp-block-group-is-layout-constrained\" style=\"margin-top: 0px; margin-bottom: 0px; padding-top: var(--wp--preset--spacing--xx-large); padding-bottom: var(--wp--preset--spacing--xx-large);\">\n<div class=\"wp-block-group alignwide is-layout-flow wp-block-group-is-layout-flow\" style=\"padding-bottom: var(--wp--preset--spacing--medium);\">\n<div class=\"wp-block-columns are-vertically-aligned-bottom is-layout-flex wp-container-core-columns-is-layout-28f84493 wp-block-columns-is-layout-flex\">\n<div class=\"wp-block-column is-vertically-aligned-bottom is-layout-flow wp-block-column-is-layout-flow\">\n<h2 class=\"wp-block-heading has-x-large-font-size\" style=\"margin-top: 0.25rem;\">Como fa\u00e7o para realizar a inscri\u00e7\u00e3o?<\/h2>\n<\/div>\n<\/div>\n<\/div>\n\n<div class=\"wp-block-group alignwide is-layout-flow wp-block-group-is-layout-flow\">\n<div class=\"wp-block-columns is-layout-flex wp-container-core-columns-is-layout-f619a8c7 wp-block-columns-is-layout-flex\">\n<div class=\"wp-block-column is-layout-flow wp-block-column-is-layout-flow\">\n<div class=\"wp-block-group has-background-background-color has-background has-global-padding is-layout-constrained wp-container-core-group-is-layout-4d32cd85 wp-block-group-is-layout-constrained\" style=\"border-radius: 10px; min-height: 100%; padding: var(--wp--preset--spacing--large);\">\n<h2 class=\"wp-block-heading has-medium-font-size\" style=\"margin-top: var(--wp--preset--spacing--xx-small); font-style: normal; font-weight: 600;\"><strong>Pagamento <\/strong><\/h2>\n\n<p style=\"margin-top: var(--wp--preset--spacing--small);\">Efetue o pagamento clicando no bot\u00e3o &#8220;inscri\u00e7\u00e3o&#8221;<\/p>\n<\/div>\n<\/div>\n\n<div class=\"wp-block-column is-layout-flow wp-block-column-is-layout-flow\">\n<div class=\"wp-block-group has-background-background-color has-background has-global-padding is-layout-constrained wp-container-core-group-is-layout-4d32cd85 wp-block-group-is-layout-constrained\" style=\"border-radius: 10px; min-height: 100%; padding: var(--wp--preset--spacing--large);\">\n<h2 class=\"wp-block-heading has-medium-font-size\" style=\"margin-top: var(--wp--preset--spacing--xx-small); font-style: normal; font-weight: 600;\"><strong>Agendamento<\/strong><\/h2>\n\n<p style=\"margin-top: var(--wp--preset--spacing--small);\">Basta escolher na agenda abaixo<\/p>\n\n<div class=\"wp-block-buttons is-layout-flex wp-block-buttons-is-layout-flex\" style=\"margin-top: var(--wp--preset--spacing--small);\">\n<div class=\"wp-block-button is-style-link-only\"><a class=\"wp-block-button__link has-primary-color has-text-color has-background wp-element-button\" style=\"background-color: #ffffff00; padding: 0px;\" href=\"https:\/\/calendly.com\/arqvagasbrasil\/mentoria\" target=\"_blank\" rel=\"noreferrer noopener\">Agendamento \u2192<\/a><\/div>\n<\/div>\n<\/div>\n<\/div>\n\n<div class=\"wp-block-column is-layout-flow wp-block-column-is-layout-flow\">\n<div class=\"wp-block-group has-background-background-color has-background has-global-padding is-layout-constrained wp-container-core-group-is-layout-4d32cd85 wp-block-group-is-layout-constrained\" style=\"border-radius: 10px; min-height: 100%; padding: var(--wp--preset--spacing--large);\">\n<h2 class=\"wp-block-heading has-medium-font-size\" style=\"margin-top: var(--wp--preset--spacing--xx-small); font-style: normal; font-weight: 600;\"><strong>Entre em contato<\/strong><\/h2>\n\n<p style=\"margin-top: var(--wp--preset--spacing--small);\">Basta clicar sobre o bot\u00e3o para entrar em contato<\/p>\n\n<div class=\"wp-block-buttons is-layout-flex wp-block-buttons-is-layout-flex\" style=\"margin-top: var(--wp--preset--spacing--small);\">\n<div class=\"wp-block-button is-style-link-only\"><a class=\"wp-block-button__link has-primary-color has-text-color has-background wp-element-button\" style=\"background-color: #ffffff00; padding: 0px;\" href=\"https:\/\/api.whatsapp.com\/send?phone=5569984215423\" target=\"_blank\" rel=\"noreferrer noopener\">Contato \u2192<\/a><\/div>\n<\/div>\n<\/div>\n<\/div>\n<\/div>\n<\/div>\n<\/div>\n<!-- Widget em linha do Calendly - in\u00edcio -->\n<div class=\"calendly-inline-widget\" style=\"min-width: 320px; height: 700px;\" data-url=\"https:\/\/calendly.com\/arqvagasbrasil\/mentoria\">\u00a0<\/div>\n<p><script type=\"text\/javascript\" src=\"https:\/\/assets.calendly.com\/assets\/external\/widget.js\" async><\/script><\/p>\n<!-- Widget em linha do Calendly - fim -->\n<div class=\"wp-block-group alignfull has-global-padding is-layout-constrained wp-block-group-is-layout-constrained\" style=\"margin-top:0px;margin-bottom:0px;padding-top:var(--wp--preset--spacing--xx-large);padding-bottom:var(--wp--preset--spacing--xx-large)\">\n<div class=\"wp-block-group alignwide is-layout-flow wp-block-group-is-layout-flow\" style=\"padding-bottom:var(--wp--preset--spacing--medium)\">\n<div class=\"wp-block-columns are-vertically-aligned-bottom is-layout-flex wp-container-core-columns-is-layout-28f84493 wp-block-columns-is-layout-flex\">\n<div class=\"wp-block-column is-vertically-aligned-bottom is-layout-flow wp-block-column-is-layout-flow\">\n<p class=\"has-primary-color has-text-color has-base-font-size\">Aprova\u00e7\u00f5es de alunos da mentoria<\/p>\n\n\n\n<h2 class=\"wp-block-heading has-x-large-font-size\" style=\"margin-top:0.25rem\">Depoimentos<\/h2>\n<\/div>\n<\/div>\n<\/div>\n\n\n\n<div class=\"wp-block-group alignwide is-layout-flow wp-block-group-is-layout-flow\">\n<div class=\"wp-block-columns is-layout-flex wp-container-core-columns-is-layout-f619a8c7 wp-block-columns-is-layout-flex\">\n<div class=\"wp-block-column is-layout-flow wp-block-column-is-layout-flow\">\n<div class=\"wp-block-group has-border-color has-quaternary-border-color has-global-padding is-layout-constrained wp-container-core-group-is-layout-5fbedae1 wp-block-group-is-layout-constrained\" style=\"border-width:1px;border-radius:10px;min-height:100%;padding-top:var(--wp--preset--spacing--large);padding-right:var(--wp--preset--spacing--large);padding-bottom:var(--wp--preset--spacing--large);padding-left:var(--wp--preset--spacing--large)\">\n<div class=\"wp-block-columns are-vertically-aligned-top is-not-stacked-on-mobile is-layout-flex wp-container-core-columns-is-layout-3f2acbbd wp-block-columns-is-layout-flex\" style=\"margin-right:0px;margin-left:0px\">\n<div class=\"wp-block-column is-vertically-aligned-top is-layout-flow wp-block-column-is-layout-flow\" style=\"flex-basis:75%\">\n<h2 class=\"wp-block-heading has-text-align-left has-medium-font-size\" style=\"margin-top:0px;margin-right:0px;margin-bottom:0px;margin-left:0px\">Joana<\/h2>\n\n\n\n<p class=\"has-text-align-left has-small-font-size\" style=\"margin-top:4px\">Mentorada Emprego Escrit\u00f3rio<\/p>\n\n\n\n<p class=\"has-text-align-left has-small-font-size\" style=\"margin-top:4px\">Rio de janeiro<\/p>\n<\/div>\n<\/div>\n\n\n\n<figure class=\"wp-block-image size-large is-resized\"><img fetchpriority=\"high\" decoding=\"async\" width=\"591\" height=\"946\" src=\"https:\/\/arqvagasbrasil.com\/wp-content\/uploads\/2024\/03\/photo_2024-03-06_17-04-24-edited.jpg\" alt=\"\" class=\"wp-image-96\" style=\"width:279px;height:auto\" srcset=\"https:\/\/arqvagasbrasil.com\/wp-content\/uploads\/2024\/03\/photo_2024-03-06_17-04-24-edited.jpg 591w, https:\/\/arqvagasbrasil.com\/wp-content\/uploads\/2024\/03\/photo_2024-03-06_17-04-24-edited-187x300.jpg 187w\" sizes=\"(max-width: 591px) 100vw, 591px\" \/><\/figure>\n<\/div>\n<\/div>\n\n\n\n<div class=\"wp-block-column is-layout-flow wp-block-column-is-layout-flow\">\n<div class=\"wp-block-group has-border-color has-quaternary-border-color has-global-padding is-layout-constrained wp-container-core-group-is-layout-5fbedae1 wp-block-group-is-layout-constrained\" style=\"border-width:1px;border-radius:10px;min-height:100%;padding-top:var(--wp--preset--spacing--large);padding-right:var(--wp--preset--spacing--large);padding-bottom:var(--wp--preset--spacing--large);padding-left:var(--wp--preset--spacing--large)\">\n<div class=\"wp-block-group alignwide has-global-padding is-layout-constrained wp-block-group-is-layout-constrained\">\n<div class=\"wp-block-columns alignwide are-vertically-aligned-center is-not-stacked-on-mobile is-layout-flex wp-container-core-columns-is-layout-3f2acbbd wp-block-columns-is-layout-flex\" style=\"margin-right:0px;margin-left:0px\">\n<div class=\"wp-block-column is-vertically-aligned-center is-layout-flow wp-block-column-is-layout-flow\" style=\"flex-basis:75%\">\n<h2 class=\"wp-block-heading has-medium-font-size\" style=\"margin-top:0px;margin-right:0px;margin-bottom:0px;margin-left:0px\">Elisangela<\/h2>\n\n\n\n<p class=\"has-small-font-size\" style=\"margin-top:4px\">Mentorada Emprego Empresa de RH<\/p>\n\n\n\n<p class=\"has-small-font-size\" style=\"margin-top:4px\">S\u00e3o Paulo<\/p>\n<\/div>\n<\/div>\n<\/div>\n\n\n\n<figure class=\"wp-block-image size-large\"><img decoding=\"async\" width=\"591\" height=\"1051\" src=\"https:\/\/arqvagasbrasil.com\/wp-content\/uploads\/2024\/03\/photo_2024-03-06_17-04-32-edited.jpg\" alt=\"\" class=\"wp-image-98\" srcset=\"https:\/\/arqvagasbrasil.com\/wp-content\/uploads\/2024\/03\/photo_2024-03-06_17-04-32-edited.jpg 591w, https:\/\/arqvagasbrasil.com\/wp-content\/uploads\/2024\/03\/photo_2024-03-06_17-04-32-edited-169x300.jpg 169w, https:\/\/arqvagasbrasil.com\/wp-content\/uploads\/2024\/03\/photo_2024-03-06_17-04-32-edited-576x1024.jpg 576w\" sizes=\"(max-width: 591px) 100vw, 591px\" \/><\/figure>\n<\/div>\n<\/div>\n\n\n\n<div class=\"wp-block-column is-layout-flow wp-block-column-is-layout-flow\">\n<div class=\"wp-block-group has-border-color has-quaternary-border-color has-global-padding is-layout-constrained wp-container-core-group-is-layout-5fbedae1 wp-block-group-is-layout-constrained\" style=\"border-width:1px;border-radius:10px;min-height:100%;padding-top:var(--wp--preset--spacing--large);padding-right:var(--wp--preset--spacing--large);padding-bottom:var(--wp--preset--spacing--large);padding-left:var(--wp--preset--spacing--large)\">\n<div class=\"wp-block-columns alignwide are-vertically-aligned-center is-not-stacked-on-mobile is-layout-flex wp-container-core-columns-is-layout-3f2acbbd wp-block-columns-is-layout-flex\" style=\"margin-right:0px;margin-left:0px\">\n<div class=\"wp-block-column is-vertically-aligned-center is-layout-flow wp-block-column-is-layout-flow\" style=\"flex-basis:75%\">\n<h2 class=\"wp-block-heading has-medium-font-size\" style=\"margin-top:0px;margin-right:0px;margin-bottom:0px;margin-left:0px\">Luana<\/h2>\n\n\n\n<p class=\"has-small-font-size\" style=\"margin-top:4px\">Mentorada Emprego Construtora<\/p>\n\n\n\n<p class=\"has-small-font-size\" style=\"margin-top:4px\">Recife<\/p>\n<\/div>\n<\/div>\n\n\n\n<figure class=\"wp-block-image size-large\"><img decoding=\"async\" width=\"591\" height=\"1051\" src=\"https:\/\/arqvagasbrasil.com\/wp-content\/uploads\/2024\/03\/photo_2024-03-06_17-04-35-edited.jpg\" alt=\"\" class=\"wp-image-100\" srcset=\"https:\/\/arqvagasbrasil.com\/wp-content\/uploads\/2024\/03\/photo_2024-03-06_17-04-35-edited.jpg 591w, https:\/\/arqvagasbrasil.com\/wp-content\/uploads\/2024\/03\/photo_2024-03-06_17-04-35-edited-169x300.jpg 169w, https:\/\/arqvagasbrasil.com\/wp-content\/uploads\/2024\/03\/photo_2024-03-06_17-04-35-edited-576x1024.jpg 576w\" sizes=\"(max-width: 591px) 100vw, 591px\" \/><\/figure>\n<\/div>\n<\/div>\n<\/div>\n<\/div>\n\n\n\n<div class=\"wp-block-group alignwide is-layout-flow wp-block-group-is-layout-flow\">\n<div class=\"wp-block-columns is-layout-flex wp-container-core-columns-is-layout-f619a8c7 wp-block-columns-is-layout-flex\">\n<div class=\"wp-block-column is-layout-flow wp-block-column-is-layout-flow\">\n<div class=\"wp-block-group has-border-color has-quaternary-border-color has-global-padding is-layout-constrained wp-container-core-group-is-layout-5fbedae1 wp-block-group-is-layout-constrained\" style=\"border-width:1px;border-radius:10px;min-height:100%;padding-top:var(--wp--preset--spacing--large);padding-right:var(--wp--preset--spacing--large);padding-bottom:var(--wp--preset--spacing--large);padding-left:var(--wp--preset--spacing--large)\">\n<div class=\"wp-block-columns are-vertically-aligned-top is-not-stacked-on-mobile is-layout-flex wp-container-core-columns-is-layout-3f2acbbd wp-block-columns-is-layout-flex\" style=\"margin-right:0px;margin-left:0px\">\n<div class=\"wp-block-column is-vertically-aligned-top is-layout-flow wp-block-column-is-layout-flow\" style=\"flex-basis:75%\">\n<h2 class=\"wp-block-heading has-text-align-left has-medium-font-size\" style=\"margin-top:0px;margin-right:0px;margin-bottom:0px;margin-left:0px\">Andresa<\/h2>\n\n\n\n<p class=\"has-text-align-left has-small-font-size\" style=\"margin-top:4px\">Mentorada Emprego Construtora<\/p>\n\n\n\n<p class=\"has-text-align-left has-small-font-size\" style=\"margin-top:4px\">Belo horizonte<\/p>\n<\/div>\n<\/div>\n\n\n\n<figure class=\"wp-block-image size-large is-resized\"><img loading=\"lazy\" decoding=\"async\" width=\"591\" height=\"1051\" src=\"https:\/\/arqvagasbrasil.com\/wp-content\/uploads\/2024\/03\/photo_2024-03-06_17-04-38-edited.jpg\" alt=\"\" class=\"wp-image-102\" style=\"width:279px;height:auto\" srcset=\"https:\/\/arqvagasbrasil.com\/wp-content\/uploads\/2024\/03\/photo_2024-03-06_17-04-38-edited.jpg 591w, https:\/\/arqvagasbrasil.com\/wp-content\/uploads\/2024\/03\/photo_2024-03-06_17-04-38-edited-169x300.jpg 169w, https:\/\/arqvagasbrasil.com\/wp-content\/uploads\/2024\/03\/photo_2024-03-06_17-04-38-edited-576x1024.jpg 576w\" sizes=\"(max-width: 591px) 100vw, 591px\" \/><\/figure>\n<\/div>\n<\/div>\n\n\n\n<div class=\"wp-block-column is-layout-flow wp-block-column-is-layout-flow\">\n<div class=\"wp-block-group has-border-color has-quaternary-border-color has-global-padding is-layout-constrained wp-container-core-group-is-layout-5fbedae1 wp-block-group-is-layout-constrained\" style=\"border-width:1px;border-radius:10px;min-height:100%;padding-top:var(--wp--preset--spacing--large);padding-right:var(--wp--preset--spacing--large);padding-bottom:var(--wp--preset--spacing--large);padding-left:var(--wp--preset--spacing--large)\">\n<div class=\"wp-block-group alignwide has-global-padding is-layout-constrained wp-block-group-is-layout-constrained\">\n<div class=\"wp-block-columns alignwide are-vertically-aligned-center is-not-stacked-on-mobile is-layout-flex wp-container-core-columns-is-layout-3f2acbbd wp-block-columns-is-layout-flex\" style=\"margin-right:0px;margin-left:0px\">\n<div class=\"wp-block-column is-vertically-aligned-center is-layout-flow wp-block-column-is-layout-flow\" style=\"flex-basis:75%\">\n<h2 class=\"wp-block-heading has-medium-font-size\" style=\"margin-top:0px;margin-right:0px;margin-bottom:0px;margin-left:0px\">Tatiane<\/h2>\n\n\n\n<p class=\"has-small-font-size\" style=\"margin-top:4px\">Mentorada Emprego Exterior<\/p>\n\n\n\n<p class=\"has-small-font-size\" style=\"margin-top:4px\">Israel<\/p>\n<\/div>\n<\/div>\n<\/div>\n\n\n\n<figure class=\"wp-block-image size-full\"><img loading=\"lazy\" decoding=\"async\" width=\"300\" height=\"535\" src=\"https:\/\/arqvagasbrasil.com\/wp-content\/uploads\/2024\/03\/Tatiane-P.webp\" alt=\"\" class=\"wp-image-103\" srcset=\"https:\/\/arqvagasbrasil.com\/wp-content\/uploads\/2024\/03\/Tatiane-P.webp 300w, https:\/\/arqvagasbrasil.com\/wp-content\/uploads\/2024\/03\/Tatiane-P-168x300.webp 168w\" sizes=\"(max-width: 300px) 100vw, 300px\" \/><\/figure>\n<\/div>\n<\/div>\n\n\n\n<div class=\"wp-block-column is-layout-flow wp-block-column-is-layout-flow\">\n<div class=\"wp-block-group has-border-color has-quaternary-border-color has-global-padding is-layout-constrained wp-container-core-group-is-layout-5fbedae1 wp-block-group-is-layout-constrained\" style=\"border-width:1px;border-radius:10px;min-height:100%;padding-top:var(--wp--preset--spacing--large);padding-right:var(--wp--preset--spacing--large);padding-bottom:var(--wp--preset--spacing--large);padding-left:var(--wp--preset--spacing--large)\">\n<div class=\"wp-block-columns alignwide are-vertically-aligned-center is-not-stacked-on-mobile is-layout-flex wp-container-core-columns-is-layout-3f2acbbd wp-block-columns-is-layout-flex\" style=\"margin-right:0px;margin-left:0px\">\n<div class=\"wp-block-column is-vertically-aligned-center is-layout-flow wp-block-column-is-layout-flow\" style=\"flex-basis:75%\">\n<h2 class=\"wp-block-heading has-medium-font-size\" style=\"margin-top:0px;margin-right:0px;margin-bottom:0px;margin-left:0px\">Thaiad<\/h2>\n\n\n\n<p class=\"has-small-font-size\" style=\"margin-top:4px\">Mentorada Emprego Empresa de RH<\/p>\n\n\n\n<p class=\"has-small-font-size\" style=\"margin-top:4px\">Rio de janeiro<\/p>\n<\/div>\n<\/div>\n\n\n\n<figure class=\"wp-block-image size-full\"><img loading=\"lazy\" decoding=\"async\" width=\"271\" height=\"482\" src=\"https:\/\/arqvagasbrasil.com\/wp-content\/uploads\/2024\/03\/Thaiad-edited.webp\" alt=\"\" class=\"wp-image-105\" srcset=\"https:\/\/arqvagasbrasil.com\/wp-content\/uploads\/2024\/03\/Thaiad-edited.webp 271w, https:\/\/arqvagasbrasil.com\/wp-content\/uploads\/2024\/03\/Thaiad-edited-169x300.webp 169w\" sizes=\"(max-width: 271px) 100vw, 271px\" \/><\/figure>\n<\/div>\n<\/div>\n<\/div>\n<\/div>\n<\/div>\n\n<div class=\"wp-block-media-text alignwide is-stacked-on-mobile\" style=\"grid-template-columns: 31% auto;\">\n<figure class=\"wp-block-media-text__media\"><img loading=\"lazy\" decoding=\"async\" width=\"465\" height=\"500\" class=\"wp-image-12 size-full\" src=\"https:\/\/arqvagasbrasil.com\/wp-content\/uploads\/2024\/02\/Souformando-563_edited.webp\" alt=\"\" srcset=\"https:\/\/arqvagasbrasil.com\/wp-content\/uploads\/2024\/02\/Souformando-563_edited.webp 465w, https:\/\/arqvagasbrasil.com\/wp-content\/uploads\/2024\/02\/Souformando-563_edited-279x300.webp 279w\" sizes=\"(max-width: 465px) 100vw, 465px\" \/><\/figure>\n<div class=\"wp-block-media-text__content\">\n<h2 class=\"wp-block-heading\">Sobre a sua Mentora<\/h2>\n\n<p>Prazer, meu nome \u00e9 Giovanna, CEO do @arqvagasbrasil e tamb\u00e9m a pessoa respons\u00e1vel pela mentoria.\u200b<\/p>\n\n<p>H\u00e1 dois anos tive a ideia de reunir em um \u00fanico lugar todas as vagas de est\u00e1gio de todos os lugares do Brasil, no decorrer desse per\u00edodo com grande busca por oportunidade surgiu a ideia de ampliar a divulga\u00e7\u00e3o para vagas de empregos.<\/p>\n\n<p>Hoje meu objetivo al\u00e9m de ajudar na busca de uma oportunidade, \u00e9 tamb\u00e9m de ajudar no processo do curr\u00edculo at\u00e9 a entrevista.<\/p>\n<\/div>\n<\/div>\n\t\t\t\t\t\t\t\t<\/div>\n\t\t\t\t<\/div>\n\t\t\t\t\t<\/div>\n\t\t\t\t<\/div>\n\t\t\t\t<\/div>\n\t\t","protected":false},"excerpt":{"rendered":"<p>Mentoria AVB Sobre a mentoria A mentoria foi criada para estudantes e formados da \u00e1rea da arquitetura e engenharia civil que querem um direcionamento para conseguir uma oportunidade na \u00e1rea de arquitetura e engenharia civil. Te ajudamos a identificar seu perfil de vaga, te preparamos para concorrer as vagas de forma direta e objetiva. Minha [&hellip;]<\/p>\n","protected":false},"author":1,"featured_media":0,"parent":0,"menu_order":0,"comment_status":"closed","ping_status":"closed","template":"no-title-space","meta":{"_eb_attr":"","om_disable_all_campaigns":false,"_monsterinsights_skip_tracking":false,"_monsterinsights_sitenote_active":false,"_monsterinsights_sitenote_note":"","_monsterinsights_sitenote_category":0,"_themeisle_gutenberg_block_has_review":false,"_joinchat":[],"footnotes":""},"class_list":["post-13","page","type-page","status-publish","hentry"],"aioseo_notices":[],"_links":{"self":[{"href":"https:\/\/arqvagasbrasil.com\/index.php\/wp-json\/wp\/v2\/pages\/13","targetHints":{"allow":["GET"]}}],"collection":[{"href":"https:\/\/arqvagasbrasil.com\/index.php\/wp-json\/wp\/v2\/pages"}],"about":[{"href":"https:\/\/arqvagasbrasil.com\/index.php\/wp-json\/wp\/v2\/types\/page"}],"author":[{"embeddable":true,"href":"https:\/\/arqvagasbrasil.com\/index.php\/wp-json\/wp\/v2\/users\/1"}],"replies":[{"embeddable":true,"href":"https:\/\/arqvagasbrasil.com\/index.php\/wp-json\/wp\/v2\/comments?post=13"}],"version-history":[{"count":28,"href":"https:\/\/arqvagasbrasil.com\/index.php\/wp-json\/wp\/v2\/pages\/13\/revisions"}],"predecessor-version":[{"id":716,"href":"https:\/\/arqvagasbrasil.com\/index.php\/wp-json\/wp\/v2\/pages\/13\/revisions\/716"}],"wp:attachment":[{"href":"https:\/\/arqvagasbrasil.com\/index.php\/wp-json\/wp\/v2\/media?parent=13"}],"curies":[{"name":"wp","href":"https:\/\/api.w.org\/{rel}","templated":true}]}}